{"id":4172,"date":"2026-07-30T22:07:40","date_gmt":"2026-07-31T01:07:40","guid":{"rendered":"https:\/\/www.fracturaexpuesta.com.ar\/gotan\/?page_id=4172"},"modified":"2026-08-19T18:21:59","modified_gmt":"2026-08-19T21:21:59","slug":"agenda-de-tango","status":"publish","type":"page","link":"https:\/\/www.fracturaexpuesta.com.ar\/gotan\/agenda-de-tango\/","title":{"rendered":"Sale tango: agenda de conciertos (agosto 2026)"},"content":{"rendered":"\n<p class=\"wp-block-paragraph\">Bienvenidos a la agenda del tango de hoy. Los invitamos a recorrer las propuestas de conciertos para <strong>agosto de 2026<\/strong>.<\/p>\n\n\n\n<p class=\"wp-block-paragraph\">Si est\u00e1s interesado\/a en <strong>sumar tu concierto de tango<\/strong> a la agenda de Fractura Expuesta, pod\u00e9s escribirnos desde nuestra <a href=\"https:\/\/www.fracturaexpuesta.com.ar\/gotan\/contacto\/\">secci\u00f3n de contacto<\/a>.<\/p>\n\n\n\n<p class=\"has-small-font-size wp-block-paragraph\"><strong>IMPORTANTE:<\/strong> las actividades y conciertos aqu\u00ed publicados pueden estar sujetos a modificaciones por parte de los organizadores. <strong><mark style=\"background-color:#ffd152\" class=\"has-inline-color\">Los contenidos de la agenda son de uso exclusivo de Fractura Expuesta.<\/mark><\/strong><\/p>\n\n\n\n<p class=\"has-text-align-center wp-block-paragraph\">***<\/p>\n\n\n\n<figure class=\"wp-block-image size-large\"><a href=\"https:\/\/www.fracturaexpuesta.com.ar\/doblearadio\/\" target=\"_blank\" rel=\" noreferrer noopener\"><img loading=\"lazy\" decoding=\"async\" width=\"1024\" height=\"146\" src=\"https:\/\/www.fracturaexpuesta.com.ar\/gotan\/wp-content\/uploads\/2025\/03\/FOOTER-AVISO-DOBLE-A-1024x146.png\" alt=\"\" class=\"wp-image-4146\" srcset=\"https:\/\/www.fracturaexpuesta.com.ar\/gotan\/wp-content\/uploads\/2025\/03\/FOOTER-AVISO-DOBLE-A-1024x146.png 1024w, https:\/\/www.fracturaexpuesta.com.ar\/gotan\/wp-content\/uploads\/2025\/03\/FOOTER-AVISO-DOBLE-A-300x43.png 300w, https:\/\/www.fracturaexpuesta.com.ar\/gotan\/wp-content\/uploads\/2025\/03\/FOOTER-AVISO-DOBLE-A-768x110.png 768w, https:\/\/www.fracturaexpuesta.com.ar\/gotan\/wp-content\/uploads\/2025\/03\/FOOTER-AVISO-DOBLE-A-60x9.png 60w, https:\/\/www.fracturaexpuesta.com.ar\/gotan\/wp-content\/uploads\/2025\/03\/FOOTER-AVISO-DOBLE-A.png 1400w\" sizes=\"auto, (max-width: 1024px) 100vw, 1024px\" \/><\/a><\/figure>\n\n\n<h3 class=\"PDq2pG_selectionAnchorContainer\" data-section-id=\"1f8p4wm\" data-start=\"31\" data-end=\"55\"><span style=\"color: #ff0000;\">S\u00e1bado 1 de agosto<\/span><\/h3>\n<p data-start=\"57\" data-end=\"146\"><strong data-start=\"57\" data-end=\"95\">\u2502 Semana de las Milongas<\/strong><br data-start=\"95\" data-end=\"98\" \/><em data-start=\"98\" data-end=\"111\">1 al 7 de agosto<\/em> \u00b7 Milongas de Buenos Aires<\/p>\n<p data-start=\"57\" data-end=\"146\"><strong data-start=\"57\" data-end=\"95\">\u2502 Natsuki Nishihara y Mat\u00edas Gobbo<\/strong><br data-start=\"95\" data-end=\"98\" \/><em data-start=\"98\" data-end=\"111\">Caf\u00e9 Vinilo<\/em> \u00b7 Estados Unidos 2483 \u00b7 <strong data-start=\"136\" data-end=\"146\">21 hs.<\/strong><\/p>\n<p data-start=\"148\" data-end=\"236\"><strong data-start=\"148\" data-end=\"172\">\u2502 Arcano<br \/><\/strong><strong data-start=\"148\" data-end=\"172\">\u2502 Contragolpe<\/strong><br data-start=\"172\" data-end=\"175\" \/><em data-start=\"175\" data-end=\"196\">La Tierra Invisible<\/em> \u00b7 Del Barco Centenera 1099 \u00b7 <strong data-start=\"226\" data-end=\"236\">21 hs.<\/strong><\/p>\n<p data-start=\"238\" data-end=\"350\"><strong data-start=\"238\" data-end=\"267\">\u2502 Cuarteto Extraordinario<\/strong><br data-start=\"267\" data-end=\"270\" \/><em data-start=\"270\" data-end=\"296\">Milonga del Bicentenario<\/em> \u00b7 Col\u00f3n y Berutti (Avellaneda) \u00b7 <strong data-start=\"330\" data-end=\"350\">Desde las 21 hs.<\/strong><\/p>\n<p data-start=\"352\" data-end=\"445\"><strong data-start=\"352\" data-end=\"390\">\u2502 Eleonora De Souza &amp; Juan Lorenzo<\/strong><br data-start=\"390\" data-end=\"393\" \/><em data-start=\"393\" data-end=\"417\">Club Social Cambalache<\/em> \u00b7 Defensa 1179 \u00b7 <strong data-start=\"435\" data-end=\"445\">21 hs.<\/strong><\/p>\n<p data-start=\"447\" data-end=\"534\"><strong data-start=\"447\" data-end=\"480\">\u2502 Noelia Sinkunas y Juan P\u00e1ez<\/strong><br data-start=\"480\" data-end=\"483\" \/><em data-start=\"483\" data-end=\"511\">Club Uni\u00f3n y Perseverancia<\/em> (Berisso) \u00b7 <strong data-start=\"524\" data-end=\"534\">21 hs.<\/strong><\/p>\n<p data-start=\"447\" data-end=\"534\"><strong data-start=\"447\" data-end=\"480\">\u2502 Pamela Mazza + Sensottera-Carrizo<\/strong><br data-start=\"480\" data-end=\"483\" \/><em data-start=\"483\" data-end=\"511\">Hasta Trilce<\/em> \u00b7 Maza 177 \u00b7 <strong data-start=\"524\" data-end=\"534\">22 hs.<\/strong><\/p>\n<p data-start=\"536\" data-end=\"601\"><strong data-start=\"536\" data-end=\"554\">\u2502 Dolores Sol\u00e1<\/strong><br data-start=\"554\" data-end=\"557\" \/><em data-start=\"557\" data-end=\"573\">Torquato Tasso<\/em> \u00b7 Defensa 1575 \u00b7 <strong data-start=\"591\" data-end=\"601\">22 hs.<\/strong><\/p>\n<p data-start=\"536\" data-end=\"601\"><strong data-start=\"536\" data-end=\"554\">\u2502 Santiago Cerabona y Francisco Cytryn<br \/>\u2502 Camila Navarro y Juancito Avilano<br \/>\u2502 Los muchachos del boliche aquel<br \/>\u2502 Juancito Avilano y Emiliano Guerrero<\/strong><br data-start=\"554\" data-end=\"557\" \/><em data-start=\"557\" data-end=\"573\">Panda<\/em> \u00b7 Sarmiento 3096 \u00b7 <strong data-start=\"591\" data-end=\"601\">22 hs.<\/strong><\/p>\n<hr data-start=\"603\" data-end=\"606\" \/>\n<h3 data-section-id=\"18jmfa\" data-start=\"608\" data-end=\"633\"><span style=\"color: #ff0000;\">Domingo 2 de agosto<\/span><\/h3>\n<p data-start=\"635\" data-end=\"760\"><strong data-start=\"635\" data-end=\"668\">\u2502 Ra\u00fal Lavi\u00e9 + Quinteto<\/strong><br data-start=\"668\" data-end=\"671\" \/><em data-start=\"671\" data-end=\"683\">Bebop Club<\/em> \u00b7 Uriarte 1658 \u00b7 <strong data-start=\"701\" data-end=\"711\">19 hs.<\/strong><br data-start=\"711\" data-end=\"714\" \/><em data-start=\"714\" data-end=\"760\">Tambi\u00e9n funciones los d\u00edas 9 y 30 de agosto<\/em><\/p>\n<p data-start=\"762\" data-end=\"844\"><strong data-start=\"762\" data-end=\"800\">\u2502 Tata Cedr\u00f3n y Alejo de los Reyes<\/strong><br data-start=\"800\" data-end=\"803\" \/><em data-start=\"803\" data-end=\"817\">Hasta Trilce<\/em> \u00b7 Maza 177 \u00b7 <strong data-start=\"831\" data-end=\"844\">20.30 hs.<\/strong><\/p>\n<hr data-start=\"846\" data-end=\"849\" \/>\n<h3 data-section-id=\"126galx\" data-start=\"851\" data-end=\"875\"><span style=\"color: #ff0000;\">Martes 4 de agosto<\/span><\/h3>\n<p data-start=\"877\" data-end=\"990\"><strong data-start=\"877\" data-end=\"910\">\u2502 Orquesta T\u00edpica Di Pasquale<\/strong> <em data-start=\"911\" data-end=\"941\">(todos los martes de agosto)<\/em><br data-start=\"941\" data-end=\"944\" \/><em data-start=\"944\" data-end=\"958\">La Carbonera<\/em> \u00b7 Carlos Calvo 299 \u00b7 <strong data-start=\"980\" data-end=\"990\">21 hs.<\/strong><\/p>\n<hr data-start=\"992\" data-end=\"995\" \/>\n<h3 data-section-id=\"13nftj5\" data-start=\"997\" data-end=\"1024\"><span style=\"color: #ff0000;\">Mi\u00e9rcoles 5 de agosto<\/span><\/h3>\n<p data-start=\"1026\" data-end=\"1152\"><strong data-start=\"1026\" data-end=\"1069\">\u2502 Orquesta Nacional de M\u00fasica Argentina<\/strong> <em data-start=\"1070\" data-end=\"1102\">(Gardel, Yupanqui y Piazzolla)<\/em><br data-start=\"1102\" data-end=\"1105\" \/><em data-start=\"1105\" data-end=\"1123\">Palacio Libertad<\/em> \u00b7 Sarmiento 151 \u00b7 <strong data-start=\"1142\" data-end=\"1152\">20 hs.<\/strong><\/p>\n<p data-start=\"1154\" data-end=\"1238\"><strong data-start=\"1154\" data-end=\"1181\">\u2502 Orquesta de Se\u00f1oritas<\/strong><br data-start=\"1181\" data-end=\"1184\" \/><em data-start=\"1184\" data-end=\"1200\">Teatro Astengo<\/em> \u00b7 Mitre 760 (Rosario) \u00b7 <strong data-start=\"1225\" data-end=\"1238\">20.30 hs.<\/strong><\/p>\n<hr data-start=\"1240\" data-end=\"1243\" \/>\n<h3 data-section-id=\"1etqy9d\" data-start=\"1245\" data-end=\"1269\"><span style=\"color: #ff0000;\">Jueves 6 de agosto<\/span><\/h3>\n<p data-start=\"1271\" data-end=\"1342\"><strong data-start=\"1271\" data-end=\"1291\">\u2502 Gabriel Rivano<\/strong><br data-start=\"1291\" data-end=\"1294\" \/><em data-start=\"1294\" data-end=\"1307\">Caf\u00e9 Vinilo<\/em> \u00b7 Estados Unidos 2483 \u00b7 <strong data-start=\"1332\" data-end=\"1342\">21 hs.<\/strong><\/p>\n<hr data-start=\"1344\" data-end=\"1347\" \/>\n<h3 data-section-id=\"ewloai\" data-start=\"1349\" data-end=\"1374\"><span style=\"color: #ff0000;\">Viernes 7 de agosto<\/span><\/h3>\n<p data-start=\"1376\" data-end=\"1446\"><strong data-start=\"1376\" data-end=\"1404\">\u2502 Quinteto Negro La Boca<\/strong><br data-start=\"1404\" data-end=\"1407\" \/><em data-start=\"1407\" data-end=\"1421\">Casa Colombo<\/em> \u00b7 Gallo 557 \u00b7 <strong data-start=\"1436\" data-end=\"1446\">21 hs.<\/strong><\/p>\n<p data-start=\"1448\" data-end=\"1524\"><strong data-start=\"1448\" data-end=\"1479\">\u2502 Vivi Verri y Claudia Levy<\/strong><br data-start=\"1479\" data-end=\"1482\" \/><em data-start=\"1482\" data-end=\"1490\">Mark&#8217;s<\/em> \u00b7 Donato \u00c1lvarez 640 \u00b7 <strong data-start=\"1514\" data-end=\"1524\">21 hs.<\/strong><\/p>\n<p data-start=\"1526\" data-end=\"1628\"><strong data-start=\"1526\" data-end=\"1578\">\u2502 D\u00fao Ranas &amp; Chino Laborde + Cardenal Dom\u00ednguez<\/strong><br data-start=\"1578\" data-end=\"1581\" \/><em data-start=\"1581\" data-end=\"1587\">CAFF<\/em> \u00b7 S\u00e1nchez de Bustamante 772 \u00b7 <strong data-start=\"1618\" data-end=\"1628\">21 hs.<\/strong><\/p>\n<p data-start=\"1630\" data-end=\"1709\"><strong data-start=\"1630\" data-end=\"1664\">\u2502 Quinteto Lumi\u00e8re + invitados<\/strong><br data-start=\"1664\" data-end=\"1667\" \/><em data-start=\"1667\" data-end=\"1678\">Bargoglio<\/em> \u00b7 Bacacay 2414 \u00b7 <strong data-start=\"1696\" data-end=\"1709\">21.30 hs.<\/strong><\/p>\n<p data-start=\"1630\" data-end=\"1709\"><strong data-start=\"1696\" data-end=\"1709\">\u2502 Gecko<br \/>\u2502 Gar\u00faa<br data-start=\"1664\" data-end=\"1667\" \/><\/strong><em data-start=\"1667\" data-end=\"1678\">Sala Abril <\/em>\u00b7 Undiano 857 (Bah\u00eda Blanca) \u00b7<strong data-start=\"1696\" data-end=\"1709\"> 21.30 hs.<\/strong><\/p>\n<hr data-start=\"1711\" data-end=\"1714\" \/>\n<h3 data-section-id=\"jqcjbz\" data-start=\"1716\" data-end=\"1740\"><span style=\"color: #ff0000;\">S\u00e1bado 8 de agosto<\/span><\/h3>\n<p data-start=\"1742\" data-end=\"1830\"><strong data-start=\"1742\" data-end=\"1766\">\u2502 Orquesta Invisible<\/strong><br data-start=\"1766\" data-end=\"1769\" \/><em data-start=\"1769\" data-end=\"1790\">La Tierra Invisible<\/em> \u00b7 Del Barco Centenera 1099 \u00b7 <strong data-start=\"1820\" data-end=\"1830\">13 hs.<\/strong><\/p>\n<p data-start=\"1832\" data-end=\"1922\"><strong data-start=\"1832\" data-end=\"1870\">\u2502 Manuel Gonz\u00e1lez Ponisio Quinteto<\/strong><br data-start=\"1870\" data-end=\"1873\" \/><em data-start=\"1873\" data-end=\"1885\">CC El Faro<\/em> \u00b7 Rosetti 2331 (Olivos) \u00b7 <strong data-start=\"1912\" data-end=\"1922\">20 hs.<\/strong><\/p>\n<p data-start=\"1924\" data-end=\"2000\"><strong data-start=\"1924\" data-end=\"1941\">\u2502 Tata Cedr\u00f3n<\/strong><br data-start=\"1941\" data-end=\"1944\" \/><em data-start=\"1944\" data-end=\"1950\">Pura<\/em> \u00b7 Primera Junta 1029 (San Isidro) \u00b7 <strong data-start=\"1987\" data-end=\"2000\">20.30 hs.<\/strong><\/p>\n<p data-start=\"2002\" data-end=\"2082\"><strong data-start=\"2002\" data-end=\"2033\">\u2502 El Reviro + Vale Vilaseca<\/strong><br data-start=\"2033\" data-end=\"2036\" \/><em data-start=\"2036\" data-end=\"2045\">Giuffra<\/em> \u00b7 Pasaje Giuffra 371 \u00b7 <strong data-start=\"2069\" data-end=\"2082\">20.30 hs.<\/strong><\/p>\n<p data-start=\"2084\" data-end=\"2159\"><strong data-start=\"2084\" data-end=\"2103\">\u2502 Tabar\u00e9 Leyton<\/strong><br data-start=\"2103\" data-end=\"2106\" \/><em data-start=\"2106\" data-end=\"2118\">Casa Suiza<\/em> \u00b7 Calle 2 N\u00ba 621 (La Plata) \u00b7 <strong data-start=\"2149\" data-end=\"2159\">21 hs.<\/strong><\/p>\n<p data-start=\"2161\" data-end=\"2236\"><strong data-start=\"2161\" data-end=\"2182\">\u2502 Electro Arrabal<\/strong><br data-start=\"2182\" data-end=\"2185\" \/><em data-start=\"2185\" data-end=\"2206\">Samovar de Rasput\u00edn<\/em> \u00b7 Iberlucea 1251 \u00b7 <strong data-start=\"2226\" data-end=\"2236\">21 hs.<\/strong><\/p>\n<p data-start=\"2238\" data-end=\"2330\"><strong data-start=\"2238\" data-end=\"2271\">\u2502 Lili Barthes + Lara Palazzo<\/strong><br data-start=\"2271\" data-end=\"2274\" \/><em data-start=\"2274\" data-end=\"2290\">Bar Don Mart\u00edn<\/em> \u00b7 Diag. Salta 801 (Olivos) \u00b7 <strong data-start=\"2320\" data-end=\"2330\">21 hs.<\/strong><\/p>\n<p data-start=\"2332\" data-end=\"2404\"><strong data-start=\"2332\" data-end=\"2354\">\u2502 Fern\u00e1ndez Fierro<\/strong><br data-start=\"2354\" data-end=\"2357\" \/><em data-start=\"2357\" data-end=\"2363\">CAFF<\/em> \u00b7 S\u00e1nchez de Bustamante 772 \u00b7 <strong data-start=\"2394\" data-end=\"2404\">21 hs.<\/strong><\/p>\n<p data-start=\"2332\" data-end=\"2404\"><strong data-start=\"2394\" data-end=\"2404\">\u2502 Alejandro Bruschini Octeto<br \/><\/strong><em>Caf\u00e9 La Poes\u00eda<\/em> \u00b7 Chile 502 \u00b7 <strong>21 hs.<\/strong><\/p>\n<p data-start=\"2332\" data-end=\"2404\"><strong data-start=\"2394\" data-end=\"2404\">\u2502 La Empoderada<br \/><\/strong><em>Casa Brandon<\/em> \u00b7 Drago 236 \u00b7 <strong>21 hs.<\/strong><\/p>\n<p data-start=\"2332\" data-end=\"2404\"><strong data-start=\"2394\" data-end=\"2404\">\u2502 Patricia Barone y Javier Gonz\u00e1lez Grupo<br \/><\/strong><em>El Alambique<\/em> \u00b7 Griveo 2350 \u00b7 <strong>21 hs.<\/strong><\/p>\n<hr data-start=\"2406\" data-end=\"2409\" \/>\n<h3 data-section-id=\"z3hxjh\" data-start=\"2411\" data-end=\"2436\"><span style=\"color: #ff0000;\">Domingo 9 de agosto<\/span><\/h3>\n<p data-start=\"2438\" data-end=\"2514\"><strong data-start=\"2438\" data-end=\"2471\">\u2502 Ra\u00fal Lavi\u00e9 + Quinteto\u00a0<\/strong><br data-start=\"2471\" data-end=\"2474\" \/><em data-start=\"2474\" data-end=\"2486\">Bebop Club<\/em> \u00b7 Uriarte 1658 \u00b7 <strong data-start=\"2504\" data-end=\"2514\">19 hs.<\/strong><\/p>\n<p data-start=\"2516\" data-end=\"2608\" data-is-last-node=\"\" data-is-only-node=\"\"><strong data-start=\"2516\" data-end=\"2558\">\u2502 Guitarras del Once + Hugo Rivas Tr\u00edo<\/strong><br data-start=\"2558\" data-end=\"2561\" \/><em data-start=\"2561\" data-end=\"2567\">CAFF<\/em> \u00b7 S\u00e1nchez de Bustamante 772 \u00b7 <strong data-start=\"2598\" data-end=\"2608\" data-is-last-node=\"\">21 hs.<\/strong><\/p>\n\n\n<figure class=\"wp-block-embed is-type-wp-embed is-provider-fractura-expuesta-tango wp-block-embed-fractura-expuesta-tango\"><div class=\"wp-block-embed__wrapper\">\n<blockquote class=\"wp-embedded-content\" data-secret=\"6miJb8NUg4\"><a href=\"https:\/\/www.fracturaexpuesta.com.ar\/gotan\/colabora-con-fractura-expuesta-y-doble-a\/\">Colabor\u00e1 con Fractura Expuesta y Doble A<\/a><\/blockquote><iframe loading=\"lazy\" class=\"wp-embedded-content\" sandbox=\"allow-scripts\" security=\"restricted\" style=\"position: absolute; visibility: hidden;\" title=\"\u201cColabor\u00e1 con Fractura Expuesta y Doble A\u201d \u2014 Fractura Expuesta | Tango!\" src=\"https:\/\/www.fracturaexpuesta.com.ar\/gotan\/colabora-con-fractura-expuesta-y-doble-a\/embed\/#?secret=zUMyfA3VqW#?secret=6miJb8NUg4\" data-secret=\"6miJb8NUg4\" width=\"600\" height=\"338\" frameborder=\"0\" marginwidth=\"0\" marginheight=\"0\" scrolling=\"no\"><\/iframe>\n<\/div><\/figure>\n\n\n<h3 class=\"PDq2pG_selectionAnchorContainer\" data-section-id=\"9gik8t\" data-start=\"31\" data-end=\"55\"><span style=\"color: #ff0000;\">Lunes 10 de agosto<\/span><\/h3>\n<p data-start=\"57\" data-end=\"178\"><strong data-start=\"57\" data-end=\"88\">\u2502 Homenaje a Rosita Quiroga<\/strong><br data-start=\"88\" data-end=\"91\" \/><em data-start=\"91\" data-end=\"115\">(Por Celeste Gonz\u00e1lez)<\/em><br data-start=\"115\" data-end=\"118\" \/><em data-start=\"118\" data-end=\"147\">Academia Nacional del Tango<\/em> \u00b7 Av. de Mayo 833 \u00b7 <strong data-start=\"168\" data-end=\"178\">18 hs.<\/strong><\/p>\n<hr data-start=\"180\" data-end=\"183\" \/>\n<h3 data-section-id=\"m349p3\" data-start=\"185\" data-end=\"213\"><span style=\"color: #ff0000;\">Mi\u00e9rcoles 12 de agosto<\/span><\/h3>\n<p data-start=\"215\" data-end=\"288\"><strong data-start=\"215\" data-end=\"238\">\u2502 Collectif Alliage<\/strong><br data-start=\"238\" data-end=\"241\" \/><em data-start=\"241\" data-end=\"259\">Palacio Libertad<\/em> \u00b7 Sarmiento 151 \u00b7 <strong data-start=\"278\" data-end=\"288\">19 hs.<\/strong><\/p>\n<p data-start=\"290\" data-end=\"350\"><strong data-start=\"290\" data-end=\"306\">\u2502 Lore Tosso<\/strong><br data-start=\"306\" data-end=\"309\" \/><em data-start=\"309\" data-end=\"321\">La F\u00e1brica<\/em> \u00b7 Fitz Roy 1245 \u00b7 <strong data-start=\"340\" data-end=\"350\">20 hs.<\/strong><\/p>\n<hr data-start=\"352\" data-end=\"355\" \/>\n<h3 data-section-id=\"1e6d3np\" data-start=\"357\" data-end=\"382\"><span style=\"color: #ff0000;\">Jueves 13 de agosto<\/span><\/h3>\n<p data-start=\"384\" data-end=\"439\"><strong data-start=\"384\" data-end=\"401\">\u2502 Zambo Tango<\/strong><br data-start=\"401\" data-end=\"404\" \/><em data-start=\"404\" data-end=\"409\">CyM<\/em> \u00b7 Av. Callao 892 \u00b7 <strong data-start=\"429\" data-end=\"439\">21 hs.<\/strong><\/p>\n<hr data-start=\"441\" data-end=\"444\" \/>\n<h3 data-section-id=\"1tavxhk\" data-start=\"446\" data-end=\"472\"><span style=\"color: #ff0000;\">Viernes 14 de agosto<\/span><\/h3>\n<p data-start=\"474\" data-end=\"534\"><strong data-start=\"474\" data-end=\"492\">\u2502 Ch\u00facara Tr\u00edo<\/strong><br data-start=\"492\" data-end=\"495\" \/><em data-start=\"495\" data-end=\"506\">CC Borges<\/em> \u00b7 Viamonte 525 \u00b7 <strong data-start=\"524\" data-end=\"534\">20 hs.<\/strong><\/p>\n<p data-start=\"536\" data-end=\"595\"><strong data-start=\"536\" data-end=\"559\">\u2502 Cuerdas del Plata<\/strong><br data-start=\"559\" data-end=\"562\" \/><em data-start=\"562\" data-end=\"570\">Roseti<\/em> \u00b7 Gallo 764 \u00b7 <strong data-start=\"585\" data-end=\"595\">21 hs.<\/strong><\/p>\n<p data-start=\"536\" data-end=\"595\"><strong data-start=\"536\" data-end=\"559\">\u2502 Ce Su\u00e1rez Paz y Leonardo Marconi<\/strong><br data-start=\"559\" data-end=\"562\" \/><em data-start=\"562\" data-end=\"570\">CyM<\/em> \u00b7 Callao 892 \u00b7 <strong data-start=\"585\" data-end=\"595\">21 hs.<\/strong><\/p>\n<hr data-start=\"597\" data-end=\"600\" \/>\n<h3 data-section-id=\"15qkbn\" data-start=\"602\" data-end=\"627\"><span style=\"color: #ff0000;\">S\u00e1bado 15 de agosto<\/span><\/h3>\n<p data-start=\"629\" data-end=\"722\"><strong data-start=\"629\" data-end=\"656\">\u2502 D\u00fao Barcelone-Finochi<\/strong> <em data-start=\"657\" data-end=\"676\">(cl\u00e1sico y tango)<\/em><br data-start=\"676\" data-end=\"679\" \/><em data-start=\"679\" data-end=\"693\">Pista Urbana<\/em> \u00b7 Chacabuco 874 \u00b7 <strong data-start=\"712\" data-end=\"722\">17 hs.<\/strong><\/p>\n<p data-start=\"629\" data-end=\"722\">\u2502 <strong>La Martino Orquesta T\u00edpica<\/strong><br \/><em>La Mansi\u00f3n Laboratoria <\/em>\u00b7 Santiago de Chile \u00b7 <strong>19\u00a0hs.<\/strong><\/p>\n<p data-start=\"724\" data-end=\"824\"><strong data-start=\"724\" data-end=\"736\">\u2502 Furg\u00f3n<\/strong><br data-start=\"736\" data-end=\"739\" \/><strong data-start=\"739\" data-end=\"757\">\u2502 Accidentango<\/strong><br data-start=\"757\" data-end=\"760\" \/><em data-start=\"760\" data-end=\"785\">Ciclo Nuevas Tendencias<\/em> \u00b7 Alvear 726 (Quilmes) \u00b7 <strong data-start=\"811\" data-end=\"824\">20.30 hs.<\/strong><\/p>\n<p data-start=\"724\" data-end=\"824\">\u2502 <strong>Piazzollamente<\/strong><br \/><em>Mes\u00f3n Nerudiano<\/em> \u00b7 Santiago de Chile \u00b7 <strong>20.30 hs.<\/strong><\/p>\n<p data-start=\"826\" data-end=\"918\"><strong data-start=\"826\" data-end=\"863\">\u2502 Hern\u00e1n Lucero + Pitu Marquesano<\/strong><br data-start=\"863\" data-end=\"866\" \/><em data-start=\"866\" data-end=\"890\">Club Social Cambalache<\/em> \u00b7 Defensa 1179 \u00b7 <strong data-start=\"908\" data-end=\"918\">21 hs.<\/strong><\/p>\n<p data-start=\"826\" data-end=\"918\">\u2502 <strong>Contramano Orquesta<\/strong><br \/><em>Teatro de la Estaci\u00f3n<\/em> \u00b7 Fiske Menuco (R\u00edo Negro) \u00b7 <strong>21 hs.<\/strong><\/p>\n<p data-start=\"920\" data-end=\"981\"><strong data-start=\"920\" data-end=\"937\">\u2502 Tango Fiero<\/strong><br data-start=\"937\" data-end=\"940\" \/><em data-start=\"940\" data-end=\"951\">El Zorzal<\/em> \u00b7 Zelaya 3002 \u00b7 <strong data-start=\"968\" data-end=\"981\">21.30 hs.<\/strong><\/p>\n<hr data-start=\"983\" data-end=\"986\" \/>\n<h3 data-section-id=\"wk1ej7\" data-start=\"988\" data-end=\"1014\"><span style=\"color: #ff0000;\">Domingo 16 de agosto<\/span><\/h3>\n<p data-start=\"1016\" data-end=\"1089\"><strong data-start=\"1016\" data-end=\"1039\">\u2502 Collectif Alliage<\/strong><br data-start=\"1039\" data-end=\"1042\" \/><em data-start=\"1042\" data-end=\"1060\">Palacio Libertad<\/em> \u00b7 Sarmiento 151 \u00b7 <strong data-start=\"1079\" data-end=\"1089\">18 hs.<\/strong><\/p>\n<p data-start=\"1091\" data-end=\"1168\"><strong data-start=\"1091\" data-end=\"1115\">\u2502 Pablo Estigarribia<\/strong><br data-start=\"1115\" data-end=\"1118\" \/><em data-start=\"1118\" data-end=\"1131\">Dumont 4040<\/em> \u00b7 Santos Dumont 4040 \u00b7 <strong data-start=\"1155\" data-end=\"1168\">20.30 hs.<\/strong><\/p>\n<p data-start=\"1170\" data-end=\"1293\"><strong data-start=\"1170\" data-end=\"1191\">\u2502 Cabaret porte\u00f1o<\/strong> <em data-start=\"1192\" data-end=\"1203\">(musical)<\/em><br data-start=\"1203\" data-end=\"1206\" \/><em data-start=\"1206\" data-end=\"1220\">La Carbonera<\/em> \u00b7 Carlos Calvo 299 \u00b7 <strong data-start=\"1242\" data-end=\"1255\">20.30 hs.<\/strong><br data-start=\"1255\" data-end=\"1258\" \/><em data-start=\"1258\" data-end=\"1293\">Funciones: 16, 23 y 30 de agosto.<\/em><\/p>\n<hr data-start=\"1295\" data-end=\"1298\" \/>\n<h3 data-section-id=\"67p07w\" data-start=\"1300\" data-end=\"1328\"><span style=\"color: #ff0000;\">Mi\u00e9rcoles 19 de agosto<\/span><\/h3>\n<p data-start=\"1330\" data-end=\"1464\"><strong data-start=\"1330\" data-end=\"1368\">\u2502 Festival y Mundial de Tango 2026<\/strong><br data-start=\"1368\" data-end=\"1371\" \/><em data-start=\"1371\" data-end=\"1408\">Del 19 de agosto al 2 de septiembre<\/em><br data-start=\"1408\" data-end=\"1411\" \/><em data-start=\"1411\" data-end=\"1427\">Diversas sedes<\/em> \u00b7 Ciudad de Buenos Aires (Argentina)<br \/><a href=\"https:\/\/www.fracturaexpuesta.com.ar\/gotan\/tango-ba-2026-todos-los-conciertos-del-festival-dia-por-dia\/\" target=\"_blank\" rel=\"noopener\">CONSULTAR AGENDA COMPLETA<\/a><\/p>\n<hr data-start=\"1466\" data-end=\"1469\" \/>\n<h3 data-section-id=\"1ujtpid\" data-start=\"1471\" data-end=\"1496\"><span style=\"color: #ff0000;\">Jueves 20 de agosto<\/span><\/h3>\n<p data-start=\"1498\" data-end=\"1569\"><strong data-start=\"1498\" data-end=\"1522\">\u2502 Sciammarella Tango<\/strong><br data-start=\"1522\" data-end=\"1525\" \/><em data-start=\"1525\" data-end=\"1541\">Torquato Tasso<\/em> \u00b7 Defensa 1575 \u00b7 <strong data-start=\"1559\" data-end=\"1569\">22 hs.<\/strong><\/p>\n<hr data-start=\"1571\" data-end=\"1574\" \/>\n<h3 data-section-id=\"u9nzse\" data-start=\"1576\" data-end=\"1602\"><span style=\"color: #ff0000;\">Viernes 21 de agosto<\/span><\/h3>\n<p data-start=\"1604\" data-end=\"1693\"><strong data-start=\"1683\" data-end=\"1693\">\u2502 Orquesta Victoria<br data-start=\"1634\" data-end=\"1637\" \/><\/strong><em data-start=\"1637\" data-end=\"1657\">Manzana de las Luces<\/em> \u00b7 Per\u00fa 272 \u00b7<strong data-start=\"1683\" data-end=\"1693\"> 19 hs.<\/strong><\/p>\n<p data-start=\"1604\" data-end=\"1693\"><strong data-start=\"1604\" data-end=\"1634\">\u2502 Esteban Fioroni Cuarteto<\/strong><br data-start=\"1634\" data-end=\"1637\" \/><em data-start=\"1637\" data-end=\"1657\">La Biblioteca Caf\u00e9<\/em> \u00b7 M. T. de Alvear 1155 \u00b7 <strong data-start=\"1683\" data-end=\"1693\">21 hs.<\/strong><\/p>\n<p data-start=\"1604\" data-end=\"1693\"><strong data-start=\"1683\" data-end=\"1693\">\u2502 Graciano 4\u00a0 Cuarteto<br data-start=\"1634\" data-end=\"1637\" \/><\/strong><em data-start=\"1637\" data-end=\"1657\">Desafinado<\/em> \u00b7 Diagonal 93 N\u00b0 52 (City Bell) \u00b7<strong data-start=\"1683\" data-end=\"1693\"> 21 hs.<br \/><\/strong><\/p>\n<p data-start=\"1604\" data-end=\"1693\">\u2502 <strong>La Martino Orquesta T\u00edpica<\/strong><br \/><em>LMilonga Entramada <\/em>\u00b7 Gasc\u00f3n 104 \u00b7 <strong>Medianoche<\/strong><\/p>\n<hr data-start=\"1695\" data-end=\"1698\" \/>\n<h3 data-section-id=\"1ssqdj\" data-start=\"1700\" data-end=\"1725\"><span style=\"color: #ff0000;\">S\u00e1bado 22 de agosto<\/span><\/h3>\n<p data-start=\"1727\" data-end=\"1795\"><strong data-start=\"1727\" data-end=\"1750\">\u2502 Milongas Extremas<\/strong><br data-start=\"1750\" data-end=\"1753\" \/><em data-start=\"1753\" data-end=\"1763\">The Roxy<\/em> \u00b7 Niceto Vega 5542 \u00b7 <strong data-start=\"1785\" data-end=\"1795\">20 hs.<\/strong><\/p>\n<p data-start=\"1797\" data-end=\"1860\"><strong data-start=\"1797\" data-end=\"1814\">\u2502 Escalandrum<\/strong><br data-start=\"1814\" data-end=\"1817\" \/><em data-start=\"1817\" data-end=\"1824\">Bebop<\/em> \u00b7 Uriarte 1658 \u00b7 <strong data-start=\"1842\" data-end=\"1860\">20 y 22.30 hs.<\/strong><\/p>\n<p data-start=\"1797\" data-end=\"1860\"><strong data-start=\"1683\" data-end=\"1693\">\u2502 Cite Tango Tr\u00edo<br data-start=\"1634\" data-end=\"1637\" \/><\/strong><em data-start=\"1637\" data-end=\"1657\">Desafinado<\/em> \u00b7 Diagonal 93 N\u00b0 52 (City Bell) \u00b7<strong data-start=\"1683\" data-end=\"1693\"> 21 hs.<\/strong><\/p>\n<p data-start=\"1862\" data-end=\"1942\"><strong data-start=\"1862\" data-end=\"1891\">\u2502 Tres almas y una ciudad<\/strong><br data-start=\"1891\" data-end=\"1894\" \/><em data-start=\"1894\" data-end=\"1907\">Caf\u00e9 Vinilo<\/em> \u00b7 Estados Unidos 2483 \u00b7 <strong data-start=\"1932\" data-end=\"1942\">23 hs.<\/strong><\/p>\n<hr data-start=\"1944\" data-end=\"1947\" \/>\n<h3 data-section-id=\"aygwma\" data-start=\"1949\" data-end=\"1974\"><span style=\"color: #ff0000;\">Jueves 27 de agosto<\/span><\/h3>\n<p data-start=\"1976\" data-end=\"2076\"><strong data-start=\"1976\" data-end=\"2017\">\u2502 Mariana Quinteros \u2013 An\u00edbal Berraute<\/strong><br data-start=\"2017\" data-end=\"2020\" \/><em data-start=\"2020\" data-end=\"2040\">La Biblioteca Caf\u00e9<\/em> \u00b7 M. T. de Alvear 1155 \u00b7 <strong data-start=\"2066\" data-end=\"2076\">21 hs.<\/strong><\/p>\n<p data-start=\"2078\" data-end=\"2159\"><strong data-start=\"2078\" data-end=\"2112\">\u2502 Orquesta de Tango de la EMPA<\/strong><br data-start=\"2112\" data-end=\"2115\" \/><em data-start=\"2115\" data-end=\"2131\">Torquato Tasso<\/em> \u00b7 Defensa 1575 \u00b7 <strong data-start=\"2149\" data-end=\"2159\">22 hs.<\/strong><\/p>\n<hr data-start=\"2161\" data-end=\"2164\" \/>\n<h3 data-section-id=\"kwkkdj\" data-start=\"2166\" data-end=\"2192\"><span style=\"color: #ff0000;\">Viernes 28 de agosto<\/span><\/h3>\n<p data-start=\"2194\" data-end=\"2267\"><strong data-start=\"2194\" data-end=\"2221\">\u2502 Adri\u00e1n Iaies Cuarteto<\/strong><br data-start=\"2221\" data-end=\"2224\" \/><em data-start=\"2224\" data-end=\"2231\">Bebop<\/em> \u00b7 Uriarte 1658 \u00b7 <strong data-start=\"2249\" data-end=\"2267\">20 y 22.30 hs.<\/strong><\/p>\n<p data-start=\"2269\" data-end=\"2364\"><strong data-start=\"2269\" data-end=\"2299\">\u2502 El deseo en el Pavo Real<\/strong> <em data-start=\"2300\" data-end=\"2318\">(teatro y tango)<\/em><br data-start=\"2318\" data-end=\"2321\" \/><em data-start=\"2321\" data-end=\"2335\">Pista Urbana<\/em> \u00b7 Chacabuco 874 \u00b7 <strong data-start=\"2354\" data-end=\"2364\">21 hs.<\/strong><\/p>\n<p data-start=\"2366\" data-end=\"2465\"><strong data-start=\"2366\" data-end=\"2389\">\u2502 Mariana Accinelli<\/strong> <em data-start=\"2390\" data-end=\"2406\">(tango y fado)<\/em><br data-start=\"2406\" data-end=\"2409\" \/><em data-start=\"2409\" data-end=\"2429\">La Biblioteca Caf\u00e9<\/em> \u00b7 M. T. de Alvear 1155 \u00b7 <strong data-start=\"2455\" data-end=\"2465\">21 hs.<\/strong><\/p>\n\n\n<figure class=\"wp-block-image size-large\"><a href=\"https:\/\/www.fracturaexpuesta.com.ar\/doblearadio\/\" target=\"_blank\" rel=\" noreferrer noopener\"><img loading=\"lazy\" decoding=\"async\" width=\"1024\" height=\"146\" src=\"https:\/\/www.fracturaexpuesta.com.ar\/gotan\/wp-content\/uploads\/2025\/03\/FOOTER-AVISO-DOBLE-A-1024x146.png\" alt=\"\" class=\"wp-image-4146\" srcset=\"https:\/\/www.fracturaexpuesta.com.ar\/gotan\/wp-content\/uploads\/2025\/03\/FOOTER-AVISO-DOBLE-A-1024x146.png 1024w, https:\/\/www.fracturaexpuesta.com.ar\/gotan\/wp-content\/uploads\/2025\/03\/FOOTER-AVISO-DOBLE-A-300x43.png 300w, https:\/\/www.fracturaexpuesta.com.ar\/gotan\/wp-content\/uploads\/2025\/03\/FOOTER-AVISO-DOBLE-A-768x110.png 768w, https:\/\/www.fracturaexpuesta.com.ar\/gotan\/wp-content\/uploads\/2025\/03\/FOOTER-AVISO-DOBLE-A-60x9.png 60w, https:\/\/www.fracturaexpuesta.com.ar\/gotan\/wp-content\/uploads\/2025\/03\/FOOTER-AVISO-DOBLE-A.png 1400w\" sizes=\"auto, (max-width: 1024px) 100vw, 1024px\" \/><\/a><\/figure>\n\n\n\n<p class=\"has-text-align-center wp-block-paragraph\">***<\/p>\n\n\n\n<p class=\"has-small-font-size wp-block-paragraph\"><strong>IMPORTANTE:<\/strong> las actividades y conciertos aqu\u00ed publicados pueden estar sujetos a modificaciones y\/o cancelaciones por parte de los organizadores. <strong><mark style=\"background-color:#ffd152\" class=\"has-inline-color\">Los contenidos de la agenda son de uso exclusivo de Fractura Expuesta.<\/mark><\/strong><\/p>\n\n\n\n<div style=\"height:10px\" aria-hidden=\"true\" class=\"wp-block-spacer\"><\/div>\n\n\n\n<p class=\"wp-block-paragraph\"><\/p>\n","protected":false},"excerpt":{"rendered":"<p>Bienvenidos a la agenda del tango de hoy. Los invitamos a recorrer las propuestas de conciertos para agosto de 2026. Si est\u00e1s interesado\/a en sumar tu concierto de tango a la agenda de Fractura Expuesta, pod\u00e9s escribirnos desde nuestra secci\u00f3n de contacto. IMPORTANTE: las actividades y conciertos aqu\u00ed publicados pueden estar sujetos a modificaciones por parte de los organizadores. Los contenidos de la agenda son de uso exclusivo de Fractura Expuesta. *** S\u00e1bado 1 de agosto \u2502 Semana de las Milongas1 al 7 de agosto \u00b7 Milongas de Buenos Aires \u2502 Natsuki Nishihara y Mat\u00edas GobboCaf\u00e9 Vinilo \u00b7 Estados Unidos<\/p>\n","protected":false},"author":1,"featured_media":6455,"parent":0,"menu_order":0,"comment_status":"closed","ping_status":"closed","template":"","meta":{"footnotes":""},"class_list":["post-4172","page","type-page","status-publish","has-post-thumbnail","hentry"],"yoast_head":"<!-- This site is optimized with the Yoast SEO plugin v28.3 - https:\/\/yoast.com\/product\/yoast-seo-wordpress\/ -->\n<title>Sale tango: agenda de conciertos (agosto 2026) &#187; Fractura Expuesta | Tango!<\/title>\n<meta name=\"description\" content=\"Recomendaciones de conciertos de tango. En permanente actualizaci\u00f3n. Todo el a\u00f1o, todos los meses, todos los d\u00edas.\" \/>\n<meta name=\"robots\" content=\"index, follow, max-snippet:-1, max-image-preview:large, max-video-preview:-1\" \/>\n<link rel=\"canonical\" href=\"https:\/\/www.fracturaexpuesta.com.ar\/gotan\/agenda-de-tango\/\" \/>\n<meta property=\"og:locale\" content=\"es_ES\" \/>\n<meta property=\"og:type\" content=\"article\" \/>\n<meta property=\"og:title\" content=\"Sale tango: agenda de conciertos (agosto 2026)\" \/>\n<meta property=\"og:description\" content=\"Bienvenidos a la agenda del tango de hoy. Los invitamos a recorrer las propuestas de conciertos para agosto de 2026. Si est\u00e1s interesado\/a en sumar tu\" \/>\n<meta property=\"og:url\" content=\"https:\/\/www.fracturaexpuesta.com.ar\/gotan\/agenda-de-tango\/\" \/>\n<meta property=\"og:site_name\" content=\"Fractura Expuesta | Tango!\" \/>\n<meta property=\"article:modified_time\" content=\"2026-08-19T21:21:59+00:00\" \/>\n<meta property=\"og:image\" content=\"https:\/\/www.fracturaexpuesta.com.ar\/gotan\/wp-content\/uploads\/2026\/07\/AGENDA-TANGO-AGOSTO-2026.jpg\" \/>\n\t<meta property=\"og:image:width\" content=\"1672\" \/>\n\t<meta property=\"og:image:height\" content=\"941\" \/>\n\t<meta property=\"og:image:type\" content=\"image\/jpeg\" \/>\n<meta name=\"twitter:card\" content=\"summary_large_image\" \/>\n<meta name=\"twitter:title\" content=\"Sale tango: agenda de conciertos (agosto 2026)\" \/>\n<meta name=\"twitter:description\" content=\"Bienvenidos a la agenda del tango de hoy. Los invitamos a recorrer las propuestas de conciertos para agosto de 2026. Si est\u00e1s interesado\/a en sumar tu\" \/>\n<meta name=\"twitter:image\" content=\"https:\/\/www.fracturaexpuesta.com.ar\/gotan\/wp-content\/uploads\/2026\/07\/AGENDA-TANGO-AGOSTO-2026.jpg\" \/>\n<meta name=\"twitter:label1\" content=\"Tiempo de lectura\" \/>\n\t<meta name=\"twitter:data1\" content=\"6 minutos\" \/>\n<script type=\"application\/ld+json\" class=\"yoast-schema-graph\">{\"@context\":\"https:\\\/\\\/schema.org\",\"@graph\":[{\"@type\":\"WebPage\",\"@id\":\"https:\\\/\\\/www.fracturaexpuesta.com.ar\\\/gotan\\\/agenda-de-tango\\\/\",\"url\":\"https:\\\/\\\/www.fracturaexpuesta.com.ar\\\/gotan\\\/agenda-de-tango\\\/\",\"name\":\"Sale tango: agenda de conciertos (agosto 2026) &#187; Fractura Expuesta | Tango!\",\"isPartOf\":{\"@id\":\"https:\\\/\\\/www.fracturaexpuesta.com.ar\\\/gotan\\\/#website\"},\"primaryImageOfPage\":{\"@id\":\"https:\\\/\\\/www.fracturaexpuesta.com.ar\\\/gotan\\\/agenda-de-tango\\\/#primaryimage\"},\"image\":{\"@id\":\"https:\\\/\\\/www.fracturaexpuesta.com.ar\\\/gotan\\\/agenda-de-tango\\\/#primaryimage\"},\"thumbnailUrl\":\"https:\\\/\\\/www.fracturaexpuesta.com.ar\\\/gotan\\\/wp-content\\\/uploads\\\/2026\\\/07\\\/AGENDA-TANGO-AGOSTO-2026.jpg\",\"datePublished\":\"2026-07-31T01:07:40+00:00\",\"dateModified\":\"2026-08-19T21:21:59+00:00\",\"description\":\"Recomendaciones de conciertos de tango. En permanente actualizaci\u00f3n. Todo el a\u00f1o, todos los meses, todos los d\u00edas.\",\"breadcrumb\":{\"@id\":\"https:\\\/\\\/www.fracturaexpuesta.com.ar\\\/gotan\\\/agenda-de-tango\\\/#breadcrumb\"},\"inLanguage\":\"es-AR\",\"potentialAction\":[{\"@type\":\"ReadAction\",\"target\":[\"https:\\\/\\\/www.fracturaexpuesta.com.ar\\\/gotan\\\/agenda-de-tango\\\/\"]}]},{\"@type\":\"ImageObject\",\"inLanguage\":\"es-AR\",\"@id\":\"https:\\\/\\\/www.fracturaexpuesta.com.ar\\\/gotan\\\/agenda-de-tango\\\/#primaryimage\",\"url\":\"https:\\\/\\\/www.fracturaexpuesta.com.ar\\\/gotan\\\/wp-content\\\/uploads\\\/2026\\\/07\\\/AGENDA-TANGO-AGOSTO-2026.jpg\",\"contentUrl\":\"https:\\\/\\\/www.fracturaexpuesta.com.ar\\\/gotan\\\/wp-content\\\/uploads\\\/2026\\\/07\\\/AGENDA-TANGO-AGOSTO-2026.jpg\",\"width\":1672,\"height\":941},{\"@type\":\"BreadcrumbList\",\"@id\":\"https:\\\/\\\/www.fracturaexpuesta.com.ar\\\/gotan\\\/agenda-de-tango\\\/#breadcrumb\",\"itemListElement\":[{\"@type\":\"ListItem\",\"position\":1,\"name\":\"Inicio\",\"item\":\"https:\\\/\\\/www.fracturaexpuesta.com.ar\\\/gotan\\\/\"},{\"@type\":\"ListItem\",\"position\":2,\"name\":\"Sale tango: agenda de conciertos (agosto 2026)\"}]},{\"@type\":\"WebSite\",\"@id\":\"https:\\\/\\\/www.fracturaexpuesta.com.ar\\\/gotan\\\/#website\",\"url\":\"https:\\\/\\\/www.fracturaexpuesta.com.ar\\\/gotan\\\/\",\"name\":\"Fractura Expuesta | Tango!\",\"description\":\"\",\"publisher\":{\"@id\":\"https:\\\/\\\/www.fracturaexpuesta.com.ar\\\/gotan\\\/#organization\"},\"potentialAction\":[{\"@type\":\"SearchAction\",\"target\":{\"@type\":\"EntryPoint\",\"urlTemplate\":\"https:\\\/\\\/www.fracturaexpuesta.com.ar\\\/gotan\\\/?s={search_term_string}\"},\"query-input\":{\"@type\":\"PropertyValueSpecification\",\"valueRequired\":true,\"valueName\":\"search_term_string\"}}],\"inLanguage\":\"es-AR\"},{\"@type\":\"Organization\",\"@id\":\"https:\\\/\\\/www.fracturaexpuesta.com.ar\\\/gotan\\\/#organization\",\"name\":\"Fractura Expuesta | Tango!\",\"url\":\"https:\\\/\\\/www.fracturaexpuesta.com.ar\\\/gotan\\\/\",\"logo\":{\"@type\":\"ImageObject\",\"inLanguage\":\"es-AR\",\"@id\":\"https:\\\/\\\/www.fracturaexpuesta.com.ar\\\/gotan\\\/#\\\/schema\\\/logo\\\/image\\\/\",\"url\":\"https:\\\/\\\/www.fracturaexpuesta.com.ar\\\/gotan\\\/wp-content\\\/uploads\\\/2025\\\/03\\\/avatar2centroOK.jpg\",\"contentUrl\":\"https:\\\/\\\/www.fracturaexpuesta.com.ar\\\/gotan\\\/wp-content\\\/uploads\\\/2025\\\/03\\\/avatar2centroOK.jpg\",\"width\":600,\"height\":600,\"caption\":\"Fractura Expuesta | Tango!\"},\"image\":{\"@id\":\"https:\\\/\\\/www.fracturaexpuesta.com.ar\\\/gotan\\\/#\\\/schema\\\/logo\\\/image\\\/\"}}]}<\/script>\n<!-- \/ Yoast SEO plugin. -->","yoast_head_json":{"title":"Sale tango: agenda de conciertos (agosto 2026) &#187; Fractura Expuesta | Tango!","description":"Recomendaciones de conciertos de tango. En permanente actualizaci\u00f3n. Todo el a\u00f1o, todos los meses, todos los d\u00edas.","robots":{"index":"index","follow":"follow","max-snippet":"max-snippet:-1","max-image-preview":"max-image-preview:large","max-video-preview":"max-video-preview:-1"},"canonical":"https:\/\/www.fracturaexpuesta.com.ar\/gotan\/agenda-de-tango\/","og_locale":"es_ES","og_type":"article","og_title":"Sale tango: agenda de conciertos (agosto 2026)","og_description":"Bienvenidos a la agenda del tango de hoy. Los invitamos a recorrer las propuestas de conciertos para agosto de 2026. Si est\u00e1s interesado\/a en sumar tu","og_url":"https:\/\/www.fracturaexpuesta.com.ar\/gotan\/agenda-de-tango\/","og_site_name":"Fractura Expuesta | Tango!","article_modified_time":"2026-08-19T21:21:59+00:00","og_image":[{"width":1672,"height":941,"url":"https:\/\/www.fracturaexpuesta.com.ar\/gotan\/wp-content\/uploads\/2026\/07\/AGENDA-TANGO-AGOSTO-2026.jpg","type":"image\/jpeg"}],"twitter_card":"summary_large_image","twitter_title":"Sale tango: agenda de conciertos (agosto 2026)","twitter_description":"Bienvenidos a la agenda del tango de hoy. Los invitamos a recorrer las propuestas de conciertos para agosto de 2026. Si est\u00e1s interesado\/a en sumar tu","twitter_image":"https:\/\/www.fracturaexpuesta.com.ar\/gotan\/wp-content\/uploads\/2026\/07\/AGENDA-TANGO-AGOSTO-2026.jpg","twitter_misc":{"Tiempo de lectura":"6 minutos"},"schema":{"@context":"https:\/\/schema.org","@graph":[{"@type":"WebPage","@id":"https:\/\/www.fracturaexpuesta.com.ar\/gotan\/agenda-de-tango\/","url":"https:\/\/www.fracturaexpuesta.com.ar\/gotan\/agenda-de-tango\/","name":"Sale tango: agenda de conciertos (agosto 2026) &#187; Fractura Expuesta | Tango!","isPartOf":{"@id":"https:\/\/www.fracturaexpuesta.com.ar\/gotan\/#website"},"primaryImageOfPage":{"@id":"https:\/\/www.fracturaexpuesta.com.ar\/gotan\/agenda-de-tango\/#primaryimage"},"image":{"@id":"https:\/\/www.fracturaexpuesta.com.ar\/gotan\/agenda-de-tango\/#primaryimage"},"thumbnailUrl":"https:\/\/www.fracturaexpuesta.com.ar\/gotan\/wp-content\/uploads\/2026\/07\/AGENDA-TANGO-AGOSTO-2026.jpg","datePublished":"2026-07-31T01:07:40+00:00","dateModified":"2026-08-19T21:21:59+00:00","description":"Recomendaciones de conciertos de tango. En permanente actualizaci\u00f3n. Todo el a\u00f1o, todos los meses, todos los d\u00edas.","breadcrumb":{"@id":"https:\/\/www.fracturaexpuesta.com.ar\/gotan\/agenda-de-tango\/#breadcrumb"},"inLanguage":"es-AR","potentialAction":[{"@type":"ReadAction","target":["https:\/\/www.fracturaexpuesta.com.ar\/gotan\/agenda-de-tango\/"]}]},{"@type":"ImageObject","inLanguage":"es-AR","@id":"https:\/\/www.fracturaexpuesta.com.ar\/gotan\/agenda-de-tango\/#primaryimage","url":"https:\/\/www.fracturaexpuesta.com.ar\/gotan\/wp-content\/uploads\/2026\/07\/AGENDA-TANGO-AGOSTO-2026.jpg","contentUrl":"https:\/\/www.fracturaexpuesta.com.ar\/gotan\/wp-content\/uploads\/2026\/07\/AGENDA-TANGO-AGOSTO-2026.jpg","width":1672,"height":941},{"@type":"BreadcrumbList","@id":"https:\/\/www.fracturaexpuesta.com.ar\/gotan\/agenda-de-tango\/#breadcrumb","itemListElement":[{"@type":"ListItem","position":1,"name":"Inicio","item":"https:\/\/www.fracturaexpuesta.com.ar\/gotan\/"},{"@type":"ListItem","position":2,"name":"Sale tango: agenda de conciertos (agosto 2026)"}]},{"@type":"WebSite","@id":"https:\/\/www.fracturaexpuesta.com.ar\/gotan\/#website","url":"https:\/\/www.fracturaexpuesta.com.ar\/gotan\/","name":"Fractura Expuesta | Tango!","description":"","publisher":{"@id":"https:\/\/www.fracturaexpuesta.com.ar\/gotan\/#organization"},"potentialAction":[{"@type":"SearchAction","target":{"@type":"EntryPoint","urlTemplate":"https:\/\/www.fracturaexpuesta.com.ar\/gotan\/?s={search_term_string}"},"query-input":{"@type":"PropertyValueSpecification","valueRequired":true,"valueName":"search_term_string"}}],"inLanguage":"es-AR"},{"@type":"Organization","@id":"https:\/\/www.fracturaexpuesta.com.ar\/gotan\/#organization","name":"Fractura Expuesta | Tango!","url":"https:\/\/www.fracturaexpuesta.com.ar\/gotan\/","logo":{"@type":"ImageObject","inLanguage":"es-AR","@id":"https:\/\/www.fracturaexpuesta.com.ar\/gotan\/#\/schema\/logo\/image\/","url":"https:\/\/www.fracturaexpuesta.com.ar\/gotan\/wp-content\/uploads\/2025\/03\/avatar2centroOK.jpg","contentUrl":"https:\/\/www.fracturaexpuesta.com.ar\/gotan\/wp-content\/uploads\/2025\/03\/avatar2centroOK.jpg","width":600,"height":600,"caption":"Fractura Expuesta | Tango!"},"image":{"@id":"https:\/\/www.fracturaexpuesta.com.ar\/gotan\/#\/schema\/logo\/image\/"}}]}},"_links":{"self":[{"href":"https:\/\/www.fracturaexpuesta.com.ar\/gotan\/wp-json\/wp\/v2\/pages\/4172","targetHints":{"allow":["GET"]}}],"collection":[{"href":"https:\/\/www.fracturaexpuesta.com.ar\/gotan\/wp-json\/wp\/v2\/pages"}],"about":[{"href":"https:\/\/www.fracturaexpuesta.com.ar\/gotan\/wp-json\/wp\/v2\/types\/page"}],"author":[{"embeddable":true,"href":"https:\/\/www.fracturaexpuesta.com.ar\/gotan\/wp-json\/wp\/v2\/users\/1"}],"replies":[{"embeddable":true,"href":"https:\/\/www.fracturaexpuesta.com.ar\/gotan\/wp-json\/wp\/v2\/comments?post=4172"}],"version-history":[{"count":256,"href":"https:\/\/www.fracturaexpuesta.com.ar\/gotan\/wp-json\/wp\/v2\/pages\/4172\/revisions"}],"predecessor-version":[{"id":6571,"href":"https:\/\/www.fracturaexpuesta.com.ar\/gotan\/wp-json\/wp\/v2\/pages\/4172\/revisions\/6571"}],"wp:featuredmedia":[{"embeddable":true,"href":"https:\/\/www.fracturaexpuesta.com.ar\/gotan\/wp-json\/wp\/v2\/media\/6455"}],"wp:attachment":[{"href":"https:\/\/www.fracturaexpuesta.com.ar\/gotan\/wp-json\/wp\/v2\/media?parent=4172"}],"curies":[{"name":"wp","href":"https:\/\/api.w.org\/{rel}","templated":true}]}}